{"id":105621,"date":"2024-05-14T07:44:17","date_gmt":"2024-05-14T06:44:17","guid":{"rendered":"https:\/\/depagterinterieurs.nl\/unsere-marken\/"},"modified":"2025-03-31T13:05:25","modified_gmt":"2025-03-31T12:05:25","slug":"unsere-marken","status":"publish","type":"page","link":"https:\/\/depagterinterieurs.nl\/de\/unsere-marken\/","title":{"rendered":"UNSERE MARKEN"},"content":{"rendered":"<h2>UNSERE MARKEN<\/h2>\n<p>Willkommen auf unserer exklusiven Markenseite, auf der wir eine anspruchsvolle Welt des M\u00f6beldesigns und der Einrichtungsinnovationen pr\u00e4sentieren. Entdecken Sie eine exquisite Auswahl an f\u00fchrenden Marken, die Eleganz, Handwerkskunst und zeitlose \u00c4sthetik symbolisieren. <\/p>\n<p>Wir k\u00f6nnen alles von den folgenden Marken liefern!<\/p>\n<p>Willkommen auf unserer exklusiven Markenseite, auf der wir eine anspruchsvolle Welt des M\u00f6beldesigns und der Einrichtungsinnovationen pr\u00e4sentieren. Entdecken Sie eine exquisite Auswahl f\u00fchrender Marken, die Eleganz, Handwerkskunst und zeitlose \u00c4sthetik symbolisieren.&nbsp;<\/p>\n<p>Wir k\u00f6nnen alles von den folgenden Marken liefern!<\/p>\n<div class=\"woocommerce columns-4\"><ul class=\"products columns-4\">\n<li class=\"product-category product first\">\n\t<a aria-label=\"Visit product category Chairfactory\" href=\"https:\/\/depagterinterieurs.nl\/de\/produkt-kategorien\/marke\/chairfactory-stilvolle-sitzloesungen\/\"><img loading=\"lazy\" decoding=\"async\" src=\"https:\/\/depagterinterieurs.nl\/wp-content\/uploads\/2024\/01\/Logo-Chairfactory-400x400.png\" alt=\"Chairfactory\" width=\"400\" height=\"400\" srcset=\"https:\/\/depagterinterieurs.nl\/wp-content\/uploads\/2024\/01\/Logo-Chairfactory-400x400.png 400w, https:\/\/depagterinterieurs.nl\/wp-content\/uploads\/2024\/01\/Logo-Chairfactory-300x300.png 300w, https:\/\/depagterinterieurs.nl\/wp-content\/uploads\/2024\/01\/Logo-Chairfactory-150x150.png 150w, https:\/\/depagterinterieurs.nl\/wp-content\/uploads\/2024\/01\/Logo-Chairfactory-100x100.png 100w, https:\/\/depagterinterieurs.nl\/wp-content\/uploads\/2024\/01\/Logo-Chairfactory-64x64.png 64w, https:\/\/depagterinterieurs.nl\/wp-content\/uploads\/2024\/01\/Logo-Chairfactory.png 672w\" sizes=\"auto, (max-width: 400px) 100vw, 400px\" \/>\t\t<h2 class=\"woocommerce-loop-category__title\">\n\t\t\tChairfactory <mark class=\"count\">(5)<\/mark>\t\t<\/h2>\n\t\t<\/a><\/li>\n<li class=\"product-category product\">\n\t<a aria-label=\"Visit product category De Pagter Interieurs\" href=\"https:\/\/depagterinterieurs.nl\/de\/produkt-kategorien\/marke\/de-pagter-interieurs\/\"><img loading=\"lazy\" decoding=\"async\" src=\"https:\/\/depagterinterieurs.nl\/wp-content\/uploads\/2024\/02\/Logo-De-Pagter-Interieurs-400x400.png\" alt=\"De Pagter Interieurs\" width=\"400\" height=\"400\" srcset=\"https:\/\/depagterinterieurs.nl\/wp-content\/uploads\/2024\/02\/Logo-De-Pagter-Interieurs-400x400.png 400w, https:\/\/depagterinterieurs.nl\/wp-content\/uploads\/2024\/02\/Logo-De-Pagter-Interieurs-300x300.png 300w, https:\/\/depagterinterieurs.nl\/wp-content\/uploads\/2024\/02\/Logo-De-Pagter-Interieurs-150x150.png 150w, https:\/\/depagterinterieurs.nl\/wp-content\/uploads\/2024\/02\/Logo-De-Pagter-Interieurs-100x100.png 100w, https:\/\/depagterinterieurs.nl\/wp-content\/uploads\/2024\/02\/Logo-De-Pagter-Interieurs-64x64.png 64w\" sizes=\"auto, (max-width: 400px) 100vw, 400px\" \/>\t\t<h2 class=\"woocommerce-loop-category__title\">\n\t\t\tDe Pagter Interieurs <mark class=\"count\">(901)<\/mark>\t\t<\/h2>\n\t\t<\/a><\/li>\n<li class=\"product-category product\">\n\t<a aria-label=\"Visit product category DS Meubel\" href=\"https:\/\/depagterinterieurs.nl\/de\/produkt-kategorien\/marke\/ds-meubel\/\"><img loading=\"lazy\" decoding=\"async\" src=\"https:\/\/depagterinterieurs.nl\/wp-content\/uploads\/2025\/05\/Logo-Chill-Line-400x400.png\" alt=\"DS Meubel\" width=\"400\" height=\"400\" srcset=\"https:\/\/depagterinterieurs.nl\/wp-content\/uploads\/2025\/05\/Logo-Chill-Line-400x399.png 400w, https:\/\/depagterinterieurs.nl\/wp-content\/uploads\/2025\/05\/Logo-Chill-Line-300x300.png 300w, https:\/\/depagterinterieurs.nl\/wp-content\/uploads\/2025\/05\/Logo-Chill-Line-150x150.png 150w, https:\/\/depagterinterieurs.nl\/wp-content\/uploads\/2025\/05\/Logo-Chill-Line-100x100.png 100w, https:\/\/depagterinterieurs.nl\/wp-content\/uploads\/2025\/05\/Logo-Chill-Line-64x64.png 64w, https:\/\/depagterinterieurs.nl\/wp-content\/uploads\/2025\/05\/Logo-Chill-Line.png 671w\" sizes=\"auto, (max-width: 400px) 100vw, 400px\" \/>\t\t<h2 class=\"woocommerce-loop-category__title\">\n\t\t\tDS Meubel <mark class=\"count\">(13)<\/mark>\t\t<\/h2>\n\t\t<\/a><\/li>\n<li class=\"product-category product last\">\n\t<a aria-label=\"Visit product category Eichholtz\" href=\"https:\/\/depagterinterieurs.nl\/de\/produkt-kategorien\/marke\/marke-eichholtz-zeeland\/\"><img loading=\"lazy\" decoding=\"async\" src=\"https:\/\/depagterinterieurs.nl\/wp-content\/uploads\/2024\/02\/Logo-Eichholtz-400x400.png\" alt=\"Eichholtz\" width=\"400\" height=\"400\" srcset=\"https:\/\/depagterinterieurs.nl\/wp-content\/uploads\/2024\/02\/Logo-Eichholtz-400x400.png 400w, https:\/\/depagterinterieurs.nl\/wp-content\/uploads\/2024\/02\/Logo-Eichholtz-300x300.png 300w, https:\/\/depagterinterieurs.nl\/wp-content\/uploads\/2024\/02\/Logo-Eichholtz-150x150.png 150w, https:\/\/depagterinterieurs.nl\/wp-content\/uploads\/2024\/02\/Logo-Eichholtz-100x100.png 100w, https:\/\/depagterinterieurs.nl\/wp-content\/uploads\/2024\/02\/Logo-Eichholtz-64x64.png 64w\" sizes=\"auto, (max-width: 400px) 100vw, 400px\" \/>\t\t<h2 class=\"woocommerce-loop-category__title\">\n\t\t\tEichholtz <mark class=\"count\">(29)<\/mark>\t\t<\/h2>\n\t\t<\/a><\/li>\n<li class=\"product-category product first\">\n\t<a aria-label=\"Visit product category Eppic\" href=\"https:\/\/depagterinterieurs.nl\/de\/produkt-kategorien\/marke\/eppic-de\/\"><img loading=\"lazy\" decoding=\"async\" src=\"https:\/\/depagterinterieurs.nl\/wp-content\/uploads\/2025\/03\/Logo-Silverline-400x400.png\" alt=\"Eppic\" width=\"400\" height=\"400\" srcset=\"https:\/\/depagterinterieurs.nl\/wp-content\/uploads\/2025\/03\/Logo-Silverline-400x399.png 400w, https:\/\/depagterinterieurs.nl\/wp-content\/uploads\/2025\/03\/Logo-Silverline-300x300.png 300w, https:\/\/depagterinterieurs.nl\/wp-content\/uploads\/2025\/03\/Logo-Silverline-150x150.png 150w, https:\/\/depagterinterieurs.nl\/wp-content\/uploads\/2025\/03\/Logo-Silverline-100x100.png 100w, https:\/\/depagterinterieurs.nl\/wp-content\/uploads\/2025\/03\/Logo-Silverline-64x64.png 64w, https:\/\/depagterinterieurs.nl\/wp-content\/uploads\/2025\/03\/Logo-Silverline.png 666w\" sizes=\"auto, (max-width: 400px) 100vw, 400px\" \/>\t\t<h2 class=\"woocommerce-loop-category__title\">\n\t\t\tEppic <mark class=\"count\">(18)<\/mark>\t\t<\/h2>\n\t\t<\/a><\/li>\n<li class=\"product-category product\">\n\t<a aria-label=\"Visit product category Haveco\" href=\"https:\/\/depagterinterieurs.nl\/de\/produkt-kategorien\/marke\/marke-haveco-mobel\/\"><img loading=\"lazy\" decoding=\"async\" src=\"https:\/\/depagterinterieurs.nl\/wp-content\/uploads\/2024\/02\/Logo-Haveco-400x400.png\" alt=\"Haveco\" width=\"400\" height=\"400\" srcset=\"https:\/\/depagterinterieurs.nl\/wp-content\/uploads\/2024\/02\/Logo-Haveco-400x400.png 400w, https:\/\/depagterinterieurs.nl\/wp-content\/uploads\/2024\/02\/Logo-Haveco-300x300.png 300w, https:\/\/depagterinterieurs.nl\/wp-content\/uploads\/2024\/02\/Logo-Haveco-150x150.png 150w, https:\/\/depagterinterieurs.nl\/wp-content\/uploads\/2024\/02\/Logo-Haveco-100x100.png 100w, https:\/\/depagterinterieurs.nl\/wp-content\/uploads\/2024\/02\/Logo-Haveco-64x64.png 64w, https:\/\/depagterinterieurs.nl\/wp-content\/uploads\/2024\/02\/Logo-Haveco.png 672w\" sizes=\"auto, (max-width: 400px) 100vw, 400px\" \/>\t\t<h2 class=\"woocommerce-loop-category__title\">\n\t\t\tHaveco <mark class=\"count\">(15)<\/mark>\t\t<\/h2>\n\t\t<\/a><\/li>\n<li class=\"product-category product\">\n\t<a aria-label=\"Visit product category Het Anker\" href=\"https:\/\/depagterinterieurs.nl\/de\/produkt-kategorien\/marke\/het-anker-de\/\"><img loading=\"lazy\" decoding=\"async\" src=\"https:\/\/depagterinterieurs.nl\/wp-content\/uploads\/2024\/01\/Logo-Het-Anker-400x400.png\" alt=\"Het Anker\" width=\"400\" height=\"400\" srcset=\"https:\/\/depagterinterieurs.nl\/wp-content\/uploads\/2024\/01\/Logo-Het-Anker-400x400.png 400w, https:\/\/depagterinterieurs.nl\/wp-content\/uploads\/2024\/01\/Logo-Het-Anker-300x300.png 300w, https:\/\/depagterinterieurs.nl\/wp-content\/uploads\/2024\/01\/Logo-Het-Anker-150x150.png 150w, https:\/\/depagterinterieurs.nl\/wp-content\/uploads\/2024\/01\/Logo-Het-Anker-100x100.png 100w, https:\/\/depagterinterieurs.nl\/wp-content\/uploads\/2024\/01\/Logo-Het-Anker-64x64.png 64w, https:\/\/depagterinterieurs.nl\/wp-content\/uploads\/2024\/01\/Logo-Het-Anker.png 672w\" sizes=\"auto, (max-width: 400px) 100vw, 400px\" \/>\t\t<h2 class=\"woocommerce-loop-category__title\">\n\t\t\tHet Anker <mark class=\"count\">(15)<\/mark>\t\t<\/h2>\n\t\t<\/a><\/li>\n<li class=\"product-category product last\">\n\t<a aria-label=\"Visit product category Just Design\" href=\"https:\/\/depagterinterieurs.nl\/de\/produkt-kategorien\/marke\/just-design\/\"><img loading=\"lazy\" decoding=\"async\" src=\"https:\/\/depagterinterieurs.nl\/wp-content\/uploads\/2024\/02\/Logo-Just-Design-400x400.png\" alt=\"Just Design\" width=\"400\" height=\"400\" srcset=\"https:\/\/depagterinterieurs.nl\/wp-content\/uploads\/2024\/02\/Logo-Just-Design-400x401.png 400w, https:\/\/depagterinterieurs.nl\/wp-content\/uploads\/2024\/02\/Logo-Just-Design-300x300.png 300w, https:\/\/depagterinterieurs.nl\/wp-content\/uploads\/2024\/02\/Logo-Just-Design-150x150.png 150w, https:\/\/depagterinterieurs.nl\/wp-content\/uploads\/2024\/02\/Logo-Just-Design-100x100.png 100w, https:\/\/depagterinterieurs.nl\/wp-content\/uploads\/2024\/02\/Logo-Just-Design-64x64.png 64w, https:\/\/depagterinterieurs.nl\/wp-content\/uploads\/2024\/02\/Logo-Just-Design.png 669w\" sizes=\"auto, (max-width: 400px) 100vw, 400px\" \/>\t\t<h2 class=\"woocommerce-loop-category__title\">\n\t\t\tJust Design <mark class=\"count\">(3)<\/mark>\t\t<\/h2>\n\t\t<\/a><\/li>\n<li class=\"product-category product first\">\n\t<a aria-label=\"Visit product category Karpi\" href=\"https:\/\/depagterinterieurs.nl\/de\/produkt-kategorien\/marke\/karpi-de\/\"><img loading=\"lazy\" decoding=\"async\" src=\"https:\/\/depagterinterieurs.nl\/wp-content\/uploads\/2024\/03\/Logo-Karpi-400x400.png\" alt=\"Karpi\" width=\"400\" height=\"400\" srcset=\"https:\/\/depagterinterieurs.nl\/wp-content\/uploads\/2024\/03\/Logo-Karpi-400x400.png 400w, https:\/\/depagterinterieurs.nl\/wp-content\/uploads\/2024\/03\/Logo-Karpi-300x300.png 300w, https:\/\/depagterinterieurs.nl\/wp-content\/uploads\/2024\/03\/Logo-Karpi-150x150.png 150w, https:\/\/depagterinterieurs.nl\/wp-content\/uploads\/2024\/03\/Logo-Karpi-100x100.png 100w, https:\/\/depagterinterieurs.nl\/wp-content\/uploads\/2024\/03\/Logo-Karpi-64x64.png 64w, https:\/\/depagterinterieurs.nl\/wp-content\/uploads\/2024\/03\/Logo-Karpi.png 672w\" sizes=\"auto, (max-width: 400px) 100vw, 400px\" \/>\t\t<h2 class=\"woocommerce-loop-category__title\">\n\t\t\tKarpi <mark class=\"count\">(17)<\/mark>\t\t<\/h2>\n\t\t<\/a><\/li>\n<li class=\"product-category product\">\n\t<a aria-label=\"Visit product category OL\u00c0V Home\" href=\"https:\/\/depagterinterieurs.nl\/de\/produkt-kategorien\/marke\/olav-home-de\/\"><img loading=\"lazy\" decoding=\"async\" src=\"https:\/\/depagterinterieurs.nl\/wp-content\/uploads\/2024\/02\/Logo-OLAV-Home-400x400.png\" alt=\"OL\u00c0V Home\" width=\"400\" height=\"400\" srcset=\"https:\/\/depagterinterieurs.nl\/wp-content\/uploads\/2024\/02\/Logo-OLAV-Home-400x401.png 400w, https:\/\/depagterinterieurs.nl\/wp-content\/uploads\/2024\/02\/Logo-OLAV-Home-300x300.png 300w, https:\/\/depagterinterieurs.nl\/wp-content\/uploads\/2024\/02\/Logo-OLAV-Home-150x150.png 150w, https:\/\/depagterinterieurs.nl\/wp-content\/uploads\/2024\/02\/Logo-OLAV-Home-100x100.png 100w, https:\/\/depagterinterieurs.nl\/wp-content\/uploads\/2024\/02\/Logo-OLAV-Home-64x64.png 64w, https:\/\/depagterinterieurs.nl\/wp-content\/uploads\/2024\/02\/Logo-OLAV-Home.png 669w\" sizes=\"auto, (max-width: 400px) 100vw, 400px\" \/>\t\t<h2 class=\"woocommerce-loop-category__title\">\n\t\t\tOL\u00c0V Home <mark class=\"count\">(12)<\/mark>\t\t<\/h2>\n\t\t<\/a><\/li>\n<li class=\"product-category product\">\n\t<a aria-label=\"Visit product category Passe Partout\" href=\"https:\/\/depagterinterieurs.nl\/de\/produkt-kategorien\/marke\/passe-partout-de\/\"><img loading=\"lazy\" decoding=\"async\" src=\"https:\/\/depagterinterieurs.nl\/wp-content\/uploads\/2024\/02\/Logo-Passe-Parout-400x400.png\" alt=\"Passe Partout\" width=\"400\" height=\"400\" srcset=\"https:\/\/depagterinterieurs.nl\/wp-content\/uploads\/2024\/02\/Logo-Passe-Parout-400x400.png 400w, https:\/\/depagterinterieurs.nl\/wp-content\/uploads\/2024\/02\/Logo-Passe-Parout-300x300.png 300w, https:\/\/depagterinterieurs.nl\/wp-content\/uploads\/2024\/02\/Logo-Passe-Parout-150x150.png 150w, https:\/\/depagterinterieurs.nl\/wp-content\/uploads\/2024\/02\/Logo-Passe-Parout-100x100.png 100w, https:\/\/depagterinterieurs.nl\/wp-content\/uploads\/2024\/02\/Logo-Passe-Parout-64x64.png 64w, https:\/\/depagterinterieurs.nl\/wp-content\/uploads\/2024\/02\/Logo-Passe-Parout.png 672w\" sizes=\"auto, (max-width: 400px) 100vw, 400px\" \/>\t\t<h2 class=\"woocommerce-loop-category__title\">\n\t\t\tPasse Partout <mark class=\"count\">(14)<\/mark>\t\t<\/h2>\n\t\t<\/a><\/li>\n<li class=\"product-category product last\">\n\t<a aria-label=\"Visit product category PMP Furniture\" href=\"https:\/\/depagterinterieurs.nl\/de\/produkt-kategorien\/marke\/pmp-furniture-de\/\"><img loading=\"lazy\" decoding=\"async\" src=\"https:\/\/depagterinterieurs.nl\/wp-content\/uploads\/2024\/02\/Logo-Chairfactory-400x400.png\" alt=\"PMP Furniture\" width=\"400\" height=\"400\" srcset=\"https:\/\/depagterinterieurs.nl\/wp-content\/uploads\/2024\/02\/Logo-Chairfactory-400x401.png 400w, https:\/\/depagterinterieurs.nl\/wp-content\/uploads\/2024\/02\/Logo-Chairfactory-300x300.png 300w, https:\/\/depagterinterieurs.nl\/wp-content\/uploads\/2024\/02\/Logo-Chairfactory-150x150.png 150w, https:\/\/depagterinterieurs.nl\/wp-content\/uploads\/2024\/02\/Logo-Chairfactory-100x100.png 100w, https:\/\/depagterinterieurs.nl\/wp-content\/uploads\/2024\/02\/Logo-Chairfactory-64x64.png 64w, https:\/\/depagterinterieurs.nl\/wp-content\/uploads\/2024\/02\/Logo-Chairfactory.png 669w\" sizes=\"auto, (max-width: 400px) 100vw, 400px\" \/>\t\t<h2 class=\"woocommerce-loop-category__title\">\n\t\t\tPMP Furniture <mark class=\"count\">(20)<\/mark>\t\t<\/h2>\n\t\t<\/a><\/li>\n<li class=\"product-category product first\">\n\t<a aria-label=\"Visit product category Silverline\" href=\"https:\/\/depagterinterieurs.nl\/de\/produkt-kategorien\/marke\/silverline\/\"><img loading=\"lazy\" decoding=\"async\" src=\"https:\/\/depagterinterieurs.nl\/wp-content\/uploads\/2024\/02\/Logo-Silverline-400x400.png\" alt=\"Silverline\" width=\"400\" height=\"400\" srcset=\"https:\/\/depagterinterieurs.nl\/wp-content\/uploads\/2024\/02\/Logo-Silverline-400x401.png 400w, https:\/\/depagterinterieurs.nl\/wp-content\/uploads\/2024\/02\/Logo-Silverline-300x300.png 300w, https:\/\/depagterinterieurs.nl\/wp-content\/uploads\/2024\/02\/Logo-Silverline-150x150.png 150w, https:\/\/depagterinterieurs.nl\/wp-content\/uploads\/2024\/02\/Logo-Silverline-100x100.png 100w, https:\/\/depagterinterieurs.nl\/wp-content\/uploads\/2024\/02\/Logo-Silverline-64x64.png 64w, https:\/\/depagterinterieurs.nl\/wp-content\/uploads\/2024\/02\/Logo-Silverline.png 667w\" sizes=\"auto, (max-width: 400px) 100vw, 400px\" \/>\t\t<h2 class=\"woocommerce-loop-category__title\">\n\t\t\tSilverline <mark class=\"count\">(11)<\/mark>\t\t<\/h2>\n\t\t<\/a><\/li>\n<\/ul>\n<\/div>\n","protected":false},"excerpt":{"rendered":"<p>UNSERE MARKEN Willkommen auf unserer exklusiven Markenseite, auf der wir eine anspruchsvolle Welt des M\u00f6beldesigns und der Einrichtungsinnovationen pr\u00e4sentieren. Entdecken Sie eine exquisite Auswahl an f\u00fchrenden Marken, die Eleganz, Handwerkskunst und zeitlose \u00c4sthetik symbolisieren. Wir k\u00f6nnen alles von den folgenden Marken liefern! Willkommen auf unserer exklusiven Markenseite, auf der wir eine anspruchsvolle Welt des M\u00f6beldesigns [&hellip;]<\/p>\n","protected":false},"author":936,"featured_media":0,"parent":0,"menu_order":0,"comment_status":"closed","ping_status":"closed","template":"","meta":{"footnotes":"","_wp_rev_ctl_limit":""},"class_list":["post-105621","page","type-page","status-publish","hentry"],"yoast_head":"<!-- This site is optimized with the Yoast SEO plugin v27.3 - https:\/\/yoast.com\/product\/yoast-seo-wordpress\/ -->\n<title>UNSERE MARKEN - De Pagter Interieurs<\/title>\n<meta name=\"description\" content=\"Navigieren Sie durch eine Welt voller Stil und Innovation auf unserer Markenseite. Entdecken Sie eine sorgf\u00e4ltig kuratierte Auswahl an Premium-Marken, die sich durch Qualit\u00e4t, Design und Handwerkskunst auszeichnen. Lassen Sie sich inspirieren und bereichern Sie Ihr Leben mit den ikonischen Marken, die den Standard setzen. Entdecken Sie Ihren perfekten Stil auf unserer Markenseite - wo Exzellenz zu Hause ist.\" \/>\n<meta name=\"robots\" content=\"index, follow, max-snippet:-1, max-image-preview:large, max-video-preview:-1\" \/>\n<link rel=\"canonical\" href=\"https:\/\/depagterinterieurs.nl\/de\/unsere-marken\/\" \/>\n<meta property=\"og:locale\" content=\"de_DE\" \/>\n<meta property=\"og:type\" content=\"article\" \/>\n<meta property=\"og:title\" content=\"UNSERE MARKEN - De Pagter Interieurs\" \/>\n<meta property=\"og:description\" content=\"Navigieren Sie durch eine Welt voller Stil und Innovation auf unserer Markenseite. Entdecken Sie eine sorgf\u00e4ltig kuratierte Auswahl an Premium-Marken, die sich durch Qualit\u00e4t, Design und Handwerkskunst auszeichnen. Lassen Sie sich inspirieren und bereichern Sie Ihr Leben mit den ikonischen Marken, die den Standard setzen. Entdecken Sie Ihren perfekten Stil auf unserer Markenseite - wo Exzellenz zu Hause ist.\" \/>\n<meta property=\"og:url\" content=\"https:\/\/depagterinterieurs.nl\/de\/unsere-marken\/\" \/>\n<meta property=\"og:site_name\" content=\"De Pagter Interieurs\" \/>\n<meta property=\"article:publisher\" content=\"https:\/\/www.facebook.com\/depagterinterieurs\/\" \/>\n<meta property=\"article:modified_time\" content=\"2025-03-31T12:05:25+00:00\" \/>\n<meta name=\"twitter:card\" content=\"summary_large_image\" \/>\n<meta name=\"twitter:label1\" content=\"Est. reading time\" \/>\n\t<meta name=\"twitter:data1\" content=\"4 minutes\" \/>\n<script type=\"application\/ld+json\" class=\"yoast-schema-graph\">{\"@context\":\"https:\\\/\\\/schema.org\",\"@graph\":[{\"@type\":\"WebPage\",\"@id\":\"https:\\\/\\\/depagterinterieurs.nl\\\/de\\\/unsere-marken\\\/\",\"url\":\"https:\\\/\\\/depagterinterieurs.nl\\\/de\\\/unsere-marken\\\/\",\"name\":\"UNSERE MARKEN - De Pagter Interieurs\",\"isPartOf\":{\"@id\":\"https:\\\/\\\/depagterinterieurs.nl\\\/de\\\/#website\"},\"datePublished\":\"2024-05-14T06:44:17+00:00\",\"dateModified\":\"2025-03-31T12:05:25+00:00\",\"description\":\"Navigieren Sie durch eine Welt voller Stil und Innovation auf unserer Markenseite. Entdecken Sie eine sorgf\u00e4ltig kuratierte Auswahl an Premium-Marken, die sich durch Qualit\u00e4t, Design und Handwerkskunst auszeichnen. Lassen Sie sich inspirieren und bereichern Sie Ihr Leben mit den ikonischen Marken, die den Standard setzen. Entdecken Sie Ihren perfekten Stil auf unserer Markenseite - wo Exzellenz zu Hause ist.\",\"breadcrumb\":{\"@id\":\"https:\\\/\\\/depagterinterieurs.nl\\\/de\\\/unsere-marken\\\/#breadcrumb\"},\"inLanguage\":\"de-DE\",\"potentialAction\":[{\"@type\":\"ReadAction\",\"target\":[\"https:\\\/\\\/depagterinterieurs.nl\\\/de\\\/unsere-marken\\\/\"]}]},{\"@type\":\"BreadcrumbList\",\"@id\":\"https:\\\/\\\/depagterinterieurs.nl\\\/de\\\/unsere-marken\\\/#breadcrumb\",\"itemListElement\":[{\"@type\":\"ListItem\",\"position\":1,\"name\":\"Home\",\"item\":\"https:\\\/\\\/depagterinterieurs.nl\\\/de\\\/homepagina-de\\\/\"},{\"@type\":\"ListItem\",\"position\":2,\"name\":\"UNSERE MARKEN\"}]},{\"@type\":\"WebSite\",\"@id\":\"https:\\\/\\\/depagterinterieurs.nl\\\/de\\\/#website\",\"url\":\"https:\\\/\\\/depagterinterieurs.nl\\\/de\\\/\",\"name\":\"De Pagter Interieurs\",\"description\":\"M\u00f6belgesch\u00e4fte in Middelburg - Domburg - Veere\",\"potentialAction\":[{\"@type\":\"SearchAction\",\"target\":{\"@type\":\"EntryPoint\",\"urlTemplate\":\"https:\\\/\\\/depagterinterieurs.nl\\\/de\\\/?s={search_term_string}\"},\"query-input\":{\"@type\":\"PropertyValueSpecification\",\"valueRequired\":true,\"valueName\":\"search_term_string\"}}],\"inLanguage\":\"de-DE\"}]}<\/script>\n<!-- \/ Yoast SEO plugin. -->","yoast_head_json":{"title":"UNSERE MARKEN - De Pagter Interieurs","description":"Navigieren Sie durch eine Welt voller Stil und Innovation auf unserer Markenseite. Entdecken Sie eine sorgf\u00e4ltig kuratierte Auswahl an Premium-Marken, die sich durch Qualit\u00e4t, Design und Handwerkskunst auszeichnen. Lassen Sie sich inspirieren und bereichern Sie Ihr Leben mit den ikonischen Marken, die den Standard setzen. Entdecken Sie Ihren perfekten Stil auf unserer Markenseite - wo Exzellenz zu Hause ist.","robots":{"index":"index","follow":"follow","max-snippet":"max-snippet:-1","max-image-preview":"max-image-preview:large","max-video-preview":"max-video-preview:-1"},"canonical":"https:\/\/depagterinterieurs.nl\/de\/unsere-marken\/","og_locale":"de_DE","og_type":"article","og_title":"UNSERE MARKEN - De Pagter Interieurs","og_description":"Navigieren Sie durch eine Welt voller Stil und Innovation auf unserer Markenseite. Entdecken Sie eine sorgf\u00e4ltig kuratierte Auswahl an Premium-Marken, die sich durch Qualit\u00e4t, Design und Handwerkskunst auszeichnen. Lassen Sie sich inspirieren und bereichern Sie Ihr Leben mit den ikonischen Marken, die den Standard setzen. Entdecken Sie Ihren perfekten Stil auf unserer Markenseite - wo Exzellenz zu Hause ist.","og_url":"https:\/\/depagterinterieurs.nl\/de\/unsere-marken\/","og_site_name":"De Pagter Interieurs","article_publisher":"https:\/\/www.facebook.com\/depagterinterieurs\/","article_modified_time":"2025-03-31T12:05:25+00:00","twitter_card":"summary_large_image","twitter_misc":{"Est. reading time":"4 minutes"},"schema":{"@context":"https:\/\/schema.org","@graph":[{"@type":"WebPage","@id":"https:\/\/depagterinterieurs.nl\/de\/unsere-marken\/","url":"https:\/\/depagterinterieurs.nl\/de\/unsere-marken\/","name":"UNSERE MARKEN - De Pagter Interieurs","isPartOf":{"@id":"https:\/\/depagterinterieurs.nl\/de\/#website"},"datePublished":"2024-05-14T06:44:17+00:00","dateModified":"2025-03-31T12:05:25+00:00","description":"Navigieren Sie durch eine Welt voller Stil und Innovation auf unserer Markenseite. Entdecken Sie eine sorgf\u00e4ltig kuratierte Auswahl an Premium-Marken, die sich durch Qualit\u00e4t, Design und Handwerkskunst auszeichnen. Lassen Sie sich inspirieren und bereichern Sie Ihr Leben mit den ikonischen Marken, die den Standard setzen. Entdecken Sie Ihren perfekten Stil auf unserer Markenseite - wo Exzellenz zu Hause ist.","breadcrumb":{"@id":"https:\/\/depagterinterieurs.nl\/de\/unsere-marken\/#breadcrumb"},"inLanguage":"de-DE","potentialAction":[{"@type":"ReadAction","target":["https:\/\/depagterinterieurs.nl\/de\/unsere-marken\/"]}]},{"@type":"BreadcrumbList","@id":"https:\/\/depagterinterieurs.nl\/de\/unsere-marken\/#breadcrumb","itemListElement":[{"@type":"ListItem","position":1,"name":"Home","item":"https:\/\/depagterinterieurs.nl\/de\/homepagina-de\/"},{"@type":"ListItem","position":2,"name":"UNSERE MARKEN"}]},{"@type":"WebSite","@id":"https:\/\/depagterinterieurs.nl\/de\/#website","url":"https:\/\/depagterinterieurs.nl\/de\/","name":"De Pagter Interieurs","description":"M\u00f6belgesch\u00e4fte in Middelburg - Domburg - Veere","potentialAction":[{"@type":"SearchAction","target":{"@type":"EntryPoint","urlTemplate":"https:\/\/depagterinterieurs.nl\/de\/?s={search_term_string}"},"query-input":{"@type":"PropertyValueSpecification","valueRequired":true,"valueName":"search_term_string"}}],"inLanguage":"de-DE"}]}},"_links":{"self":[{"href":"https:\/\/depagterinterieurs.nl\/de\/wp-json\/wp\/v2\/pages\/105621","targetHints":{"allow":["GET"]}}],"collection":[{"href":"https:\/\/depagterinterieurs.nl\/de\/wp-json\/wp\/v2\/pages"}],"about":[{"href":"https:\/\/depagterinterieurs.nl\/de\/wp-json\/wp\/v2\/types\/page"}],"author":[{"embeddable":true,"href":"https:\/\/depagterinterieurs.nl\/de\/wp-json\/wp\/v2\/users\/936"}],"replies":[{"embeddable":true,"href":"https:\/\/depagterinterieurs.nl\/de\/wp-json\/wp\/v2\/comments?post=105621"}],"version-history":[{"count":5,"href":"https:\/\/depagterinterieurs.nl\/de\/wp-json\/wp\/v2\/pages\/105621\/revisions"}],"predecessor-version":[{"id":149773,"href":"https:\/\/depagterinterieurs.nl\/de\/wp-json\/wp\/v2\/pages\/105621\/revisions\/149773"}],"wp:attachment":[{"href":"https:\/\/depagterinterieurs.nl\/de\/wp-json\/wp\/v2\/media?parent=105621"}],"curies":[{"name":"wp","href":"https:\/\/api.w.org\/{rel}","templated":true}]}}