{"id":217180,"date":"2026-09-01T11:54:32","date_gmt":"2026-09-01T10:54:32","guid":{"rendered":"https:\/\/depagterinterieurs.nl\/collectie\/uncategorized\/tisch-dear-brown\/"},"modified":"2026-09-01T13:05:36","modified_gmt":"2026-09-01T12:05:36","slug":"tisch-dear-brown","status":"publish","type":"product","link":"https:\/\/depagterinterieurs.nl\/de\/collectie\/marke\/marke-haveco-mobel\/tisch-dear-brown\/","title":{"rendered":"Tisch Dear Brown"},"content":{"rendered":"","protected":false},"excerpt":{"rendered":"<p>Dieser d\u00e4nisch-ovale Esstisch ist aus Eichenholz in der Farbe Dear Brown gefertigt.<br \/>\nDie Tischplatte wird von einem Metallfu\u00df \u201eSpin-Oval 100&#215;40 mm\u201c in Anodic Brown getragen.<\/p>\n<p>Die Ma\u00dfe der Tischplatte betragen 280x110x4 cm. Zudem ist die Platte geb\u00fcrstet und die Astl\u00f6cher sind <strong>nicht<\/strong> ausgef\u00fcllt. <\/p>\n<p>Sehen Sie sich <a href=\"https:\/\/depagterinterieurs.nl\/wp-content\/uploads\/2026\/07\/EIKEN-TAFELS-B-7-2026-1.pdf\"><strong>hier<\/strong><\/a> alle Optionen an .<\/p>\n","protected":false},"featured_media":215902,"template":"","meta":[],"product_brand":[],"product_cat":[372,416,399,99],"product_tag":[],"class_list":["post-217180","product","type-product","status-publish","has-post-thumbnail","product_cat-esstische","product_cat-marke-haveco-mobel","product_cat-marke","product_cat-tische","first","instock","shipping-taxable","purchasable","product-type-simple"],"yoast_head":"<!-- This site is optimized with the Yoast SEO plugin v28.2 - https:\/\/yoast.com\/product\/yoast-seo-wordpress\/ -->\n<title>Tisch Dear Brown - De Pagter Interieurs<\/title>\n<meta name=\"description\" content=\"Dieser d\u00e4nisch-ovale Esstisch ist aus Eichenholz in der Farbe Dear Brown gefertigt. Die Tischplatte wird von einem Metallfu\u00df \u201eSpin-Oval 100x40 mm\u201c in Anodic Brown getragen. Die Ma\u00dfe der Tischplatte betragen 280x110x4 cm. Zudem ist die Platte geb\u00fcrstet und die Astl\u00f6cher sind nicht verf\u00fcllt. Sehen Sie sich hier alle M\u00f6glichkeiten an.\" \/>\n<meta name=\"robots\" content=\"index, follow, max-snippet:-1, max-image-preview:large, max-video-preview:-1\" \/>\n<link rel=\"canonical\" href=\"https:\/\/depagterinterieurs.nl\/de\/collectie\/marke\/marke-haveco-mobel\/tisch-dear-brown\/\" \/>\n<meta property=\"og:locale\" content=\"de_DE\" \/>\n<meta property=\"og:type\" content=\"article\" \/>\n<meta property=\"og:title\" content=\"Tisch Dear Brown - De Pagter Interieurs\" \/>\n<meta property=\"og:description\" content=\"Dieser d\u00e4nisch-ovale Esstisch ist aus Eichenholz in der Farbe Dear Brown gefertigt. Die Tischplatte wird von einem Metallfu\u00df \u201eSpin-Oval 100x40 mm\u201c in Anodic Brown getragen. Die Ma\u00dfe der Tischplatte betragen 280x110x4 cm. Zudem ist die Platte geb\u00fcrstet und die Astl\u00f6cher sind nicht verf\u00fcllt. Sehen Sie sich hier alle M\u00f6glichkeiten an.\" \/>\n<meta property=\"og:url\" content=\"https:\/\/depagterinterieurs.nl\/de\/collectie\/marke\/marke-haveco-mobel\/tisch-dear-brown\/\" \/>\n<meta property=\"og:site_name\" content=\"De Pagter Interieurs\" \/>\n<meta property=\"article:publisher\" content=\"https:\/\/www.facebook.com\/depagterinterieurs\/\" \/>\n<meta property=\"article:modified_time\" content=\"2026-09-01T12:05:36+00:00\" \/>\n<meta property=\"og:image\" content=\"https:\/\/depagterinterieurs.nl\/wp-content\/uploads\/2026\/08\/IMG_8705.jpg\" \/>\n\t<meta property=\"og:image:width\" content=\"1024\" \/>\n\t<meta property=\"og:image:height\" content=\"768\" \/>\n\t<meta property=\"og:image:type\" content=\"image\/jpeg\" \/>\n<meta name=\"twitter:card\" content=\"summary_large_image\" \/>\n<script type=\"application\/ld+json\" class=\"yoast-schema-graph\">{\"@context\":\"https:\\\/\\\/schema.org\",\"@graph\":[{\"@type\":\"WebPage\",\"@id\":\"https:\\\/\\\/depagterinterieurs.nl\\\/de\\\/collectie\\\/marke\\\/marke-haveco-mobel\\\/tisch-dear-brown\\\/\",\"url\":\"https:\\\/\\\/depagterinterieurs.nl\\\/de\\\/collectie\\\/marke\\\/marke-haveco-mobel\\\/tisch-dear-brown\\\/\",\"name\":\"Tisch Dear Brown - De Pagter Interieurs\",\"isPartOf\":{\"@id\":\"https:\\\/\\\/depagterinterieurs.nl\\\/de\\\/#website\"},\"primaryImageOfPage\":{\"@id\":\"https:\\\/\\\/depagterinterieurs.nl\\\/de\\\/collectie\\\/marke\\\/marke-haveco-mobel\\\/tisch-dear-brown\\\/#primaryimage\"},\"image\":{\"@id\":\"https:\\\/\\\/depagterinterieurs.nl\\\/de\\\/collectie\\\/marke\\\/marke-haveco-mobel\\\/tisch-dear-brown\\\/#primaryimage\"},\"thumbnailUrl\":\"https:\\\/\\\/depagterinterieurs.nl\\\/wp-content\\\/uploads\\\/2026\\\/08\\\/IMG_8705.jpg\",\"datePublished\":\"2026-09-01T10:54:32+00:00\",\"dateModified\":\"2026-09-01T12:05:36+00:00\",\"description\":\"Dieser d\u00e4nisch-ovale Esstisch ist aus Eichenholz in der Farbe Dear Brown gefertigt. Die Tischplatte wird von einem Metallfu\u00df \u201eSpin-Oval 100x40 mm\u201c in Anodic Brown getragen. Die Ma\u00dfe der Tischplatte betragen 280x110x4 cm. Zudem ist die Platte geb\u00fcrstet und die Astl\u00f6cher sind nicht verf\u00fcllt. Sehen Sie sich hier alle M\u00f6glichkeiten an.\",\"breadcrumb\":{\"@id\":\"https:\\\/\\\/depagterinterieurs.nl\\\/de\\\/collectie\\\/marke\\\/marke-haveco-mobel\\\/tisch-dear-brown\\\/#breadcrumb\"},\"inLanguage\":\"de-DE\",\"potentialAction\":[{\"@type\":\"ReadAction\",\"target\":[\"https:\\\/\\\/depagterinterieurs.nl\\\/de\\\/collectie\\\/marke\\\/marke-haveco-mobel\\\/tisch-dear-brown\\\/\"]}]},{\"@type\":\"ImageObject\",\"inLanguage\":\"de-DE\",\"@id\":\"https:\\\/\\\/depagterinterieurs.nl\\\/de\\\/collectie\\\/marke\\\/marke-haveco-mobel\\\/tisch-dear-brown\\\/#primaryimage\",\"url\":\"https:\\\/\\\/depagterinterieurs.nl\\\/wp-content\\\/uploads\\\/2026\\\/08\\\/IMG_8705.jpg\",\"contentUrl\":\"https:\\\/\\\/depagterinterieurs.nl\\\/wp-content\\\/uploads\\\/2026\\\/08\\\/IMG_8705.jpg\",\"width\":1024,\"height\":768},{\"@type\":\"BreadcrumbList\",\"@id\":\"https:\\\/\\\/depagterinterieurs.nl\\\/de\\\/collectie\\\/marke\\\/marke-haveco-mobel\\\/tisch-dear-brown\\\/#breadcrumb\",\"itemListElement\":[{\"@type\":\"ListItem\",\"position\":1,\"name\":\"Home\",\"item\":\"https:\\\/\\\/depagterinterieurs.nl\\\/de\\\/homepagina-de\\\/\"},{\"@type\":\"ListItem\",\"position\":2,\"name\":\"Kollektion\",\"item\":\"https:\\\/\\\/depagterinterieurs.nl\\\/de\\\/kollektion\\\/\"},{\"@type\":\"ListItem\",\"position\":3,\"name\":\"Tisch Dear Brown\"}]},{\"@type\":\"WebSite\",\"@id\":\"https:\\\/\\\/depagterinterieurs.nl\\\/de\\\/#website\",\"url\":\"https:\\\/\\\/depagterinterieurs.nl\\\/de\\\/\",\"name\":\"De Pagter Interieurs\",\"description\":\"M\u00f6belgesch\u00e4fte in Middelburg - Domburg - Veere\",\"publisher\":{\"@id\":\"https:\\\/\\\/depagterinterieurs.nl\\\/de\\\/#organization\"},\"potentialAction\":[{\"@type\":\"SearchAction\",\"target\":{\"@type\":\"EntryPoint\",\"urlTemplate\":\"https:\\\/\\\/depagterinterieurs.nl\\\/de\\\/?s={search_term_string}\"},\"query-input\":{\"@type\":\"PropertyValueSpecification\",\"valueRequired\":true,\"valueName\":\"search_term_string\"}}],\"inLanguage\":\"de-DE\"},{\"@type\":\"Organization\",\"@id\":\"https:\\\/\\\/depagterinterieurs.nl\\\/de\\\/#organization\",\"name\":\"De Pagter Interieurs\",\"url\":\"https:\\\/\\\/depagterinterieurs.nl\\\/de\\\/\",\"logo\":{\"@type\":\"ImageObject\",\"inLanguage\":\"de-DE\",\"@id\":\"https:\\\/\\\/depagterinterieurs.nl\\\/de\\\/#\\\/schema\\\/logo\\\/image\\\/\",\"url\":\"https:\\\/\\\/depagterinterieurs.nl\\\/wp-content\\\/uploads\\\/2026\\\/02\\\/logo.svg\",\"contentUrl\":\"https:\\\/\\\/depagterinterieurs.nl\\\/wp-content\\\/uploads\\\/2026\\\/02\\\/logo.svg\",\"width\":157,\"height\":53,\"caption\":\"De Pagter Interieurs\"},\"image\":{\"@id\":\"https:\\\/\\\/depagterinterieurs.nl\\\/de\\\/#\\\/schema\\\/logo\\\/image\\\/\"},\"sameAs\":[\"https:\\\/\\\/www.facebook.com\\\/depagterinterieurs\\\/\",\"https:\\\/\\\/www.instagram.com\\\/depagterinterieurs\\\/\"]}]}<\/script>\n<!-- \/ Yoast SEO plugin. -->","yoast_head_json":{"title":"Tisch Dear Brown - De Pagter Interieurs","description":"Dieser d\u00e4nisch-ovale Esstisch ist aus Eichenholz in der Farbe Dear Brown gefertigt. Die Tischplatte wird von einem Metallfu\u00df \u201eSpin-Oval 100x40 mm\u201c in Anodic Brown getragen. Die Ma\u00dfe der Tischplatte betragen 280x110x4 cm. Zudem ist die Platte geb\u00fcrstet und die Astl\u00f6cher sind nicht verf\u00fcllt. Sehen Sie sich hier alle M\u00f6glichkeiten an.","robots":{"index":"index","follow":"follow","max-snippet":"max-snippet:-1","max-image-preview":"max-image-preview:large","max-video-preview":"max-video-preview:-1"},"canonical":"https:\/\/depagterinterieurs.nl\/de\/collectie\/marke\/marke-haveco-mobel\/tisch-dear-brown\/","og_locale":"de_DE","og_type":"article","og_title":"Tisch Dear Brown - De Pagter Interieurs","og_description":"Dieser d\u00e4nisch-ovale Esstisch ist aus Eichenholz in der Farbe Dear Brown gefertigt. Die Tischplatte wird von einem Metallfu\u00df \u201eSpin-Oval 100x40 mm\u201c in Anodic Brown getragen. Die Ma\u00dfe der Tischplatte betragen 280x110x4 cm. Zudem ist die Platte geb\u00fcrstet und die Astl\u00f6cher sind nicht verf\u00fcllt. Sehen Sie sich hier alle M\u00f6glichkeiten an.","og_url":"https:\/\/depagterinterieurs.nl\/de\/collectie\/marke\/marke-haveco-mobel\/tisch-dear-brown\/","og_site_name":"De Pagter Interieurs","article_publisher":"https:\/\/www.facebook.com\/depagterinterieurs\/","article_modified_time":"2026-09-01T12:05:36+00:00","og_image":[{"width":1024,"height":768,"url":"https:\/\/depagterinterieurs.nl\/wp-content\/uploads\/2026\/08\/IMG_8705.jpg","type":"image\/jpeg"}],"twitter_card":"summary_large_image","schema":{"@context":"https:\/\/schema.org","@graph":[{"@type":"WebPage","@id":"https:\/\/depagterinterieurs.nl\/de\/collectie\/marke\/marke-haveco-mobel\/tisch-dear-brown\/","url":"https:\/\/depagterinterieurs.nl\/de\/collectie\/marke\/marke-haveco-mobel\/tisch-dear-brown\/","name":"Tisch Dear Brown - De Pagter Interieurs","isPartOf":{"@id":"https:\/\/depagterinterieurs.nl\/de\/#website"},"primaryImageOfPage":{"@id":"https:\/\/depagterinterieurs.nl\/de\/collectie\/marke\/marke-haveco-mobel\/tisch-dear-brown\/#primaryimage"},"image":{"@id":"https:\/\/depagterinterieurs.nl\/de\/collectie\/marke\/marke-haveco-mobel\/tisch-dear-brown\/#primaryimage"},"thumbnailUrl":"https:\/\/depagterinterieurs.nl\/wp-content\/uploads\/2026\/08\/IMG_8705.jpg","datePublished":"2026-09-01T10:54:32+00:00","dateModified":"2026-09-01T12:05:36+00:00","description":"Dieser d\u00e4nisch-ovale Esstisch ist aus Eichenholz in der Farbe Dear Brown gefertigt. Die Tischplatte wird von einem Metallfu\u00df \u201eSpin-Oval 100x40 mm\u201c in Anodic Brown getragen. Die Ma\u00dfe der Tischplatte betragen 280x110x4 cm. Zudem ist die Platte geb\u00fcrstet und die Astl\u00f6cher sind nicht verf\u00fcllt. Sehen Sie sich hier alle M\u00f6glichkeiten an.","breadcrumb":{"@id":"https:\/\/depagterinterieurs.nl\/de\/collectie\/marke\/marke-haveco-mobel\/tisch-dear-brown\/#breadcrumb"},"inLanguage":"de-DE","potentialAction":[{"@type":"ReadAction","target":["https:\/\/depagterinterieurs.nl\/de\/collectie\/marke\/marke-haveco-mobel\/tisch-dear-brown\/"]}]},{"@type":"ImageObject","inLanguage":"de-DE","@id":"https:\/\/depagterinterieurs.nl\/de\/collectie\/marke\/marke-haveco-mobel\/tisch-dear-brown\/#primaryimage","url":"https:\/\/depagterinterieurs.nl\/wp-content\/uploads\/2026\/08\/IMG_8705.jpg","contentUrl":"https:\/\/depagterinterieurs.nl\/wp-content\/uploads\/2026\/08\/IMG_8705.jpg","width":1024,"height":768},{"@type":"BreadcrumbList","@id":"https:\/\/depagterinterieurs.nl\/de\/collectie\/marke\/marke-haveco-mobel\/tisch-dear-brown\/#breadcrumb","itemListElement":[{"@type":"ListItem","position":1,"name":"Home","item":"https:\/\/depagterinterieurs.nl\/de\/homepagina-de\/"},{"@type":"ListItem","position":2,"name":"Kollektion","item":"https:\/\/depagterinterieurs.nl\/de\/kollektion\/"},{"@type":"ListItem","position":3,"name":"Tisch Dear Brown"}]},{"@type":"WebSite","@id":"https:\/\/depagterinterieurs.nl\/de\/#website","url":"https:\/\/depagterinterieurs.nl\/de\/","name":"De Pagter Interieurs","description":"M\u00f6belgesch\u00e4fte in Middelburg - Domburg - Veere","publisher":{"@id":"https:\/\/depagterinterieurs.nl\/de\/#organization"},"potentialAction":[{"@type":"SearchAction","target":{"@type":"EntryPoint","urlTemplate":"https:\/\/depagterinterieurs.nl\/de\/?s={search_term_string}"},"query-input":{"@type":"PropertyValueSpecification","valueRequired":true,"valueName":"search_term_string"}}],"inLanguage":"de-DE"},{"@type":"Organization","@id":"https:\/\/depagterinterieurs.nl\/de\/#organization","name":"De Pagter Interieurs","url":"https:\/\/depagterinterieurs.nl\/de\/","logo":{"@type":"ImageObject","inLanguage":"de-DE","@id":"https:\/\/depagterinterieurs.nl\/de\/#\/schema\/logo\/image\/","url":"https:\/\/depagterinterieurs.nl\/wp-content\/uploads\/2026\/02\/logo.svg","contentUrl":"https:\/\/depagterinterieurs.nl\/wp-content\/uploads\/2026\/02\/logo.svg","width":157,"height":53,"caption":"De Pagter Interieurs"},"image":{"@id":"https:\/\/depagterinterieurs.nl\/de\/#\/schema\/logo\/image\/"},"sameAs":["https:\/\/www.facebook.com\/depagterinterieurs\/","https:\/\/www.instagram.com\/depagterinterieurs\/"]}]}},"_links":{"self":[{"href":"https:\/\/depagterinterieurs.nl\/de\/wp-json\/wp\/v2\/product\/217180","targetHints":{"allow":["GET"]}}],"collection":[{"href":"https:\/\/depagterinterieurs.nl\/de\/wp-json\/wp\/v2\/product"}],"about":[{"href":"https:\/\/depagterinterieurs.nl\/de\/wp-json\/wp\/v2\/types\/product"}],"wp:featuredmedia":[{"embeddable":true,"href":"https:\/\/depagterinterieurs.nl\/de\/wp-json\/wp\/v2\/media\/215902"}],"wp:attachment":[{"href":"https:\/\/depagterinterieurs.nl\/de\/wp-json\/wp\/v2\/media?parent=217180"}],"wp:term":[{"taxonomy":"product_brand","embeddable":true,"href":"https:\/\/depagterinterieurs.nl\/de\/wp-json\/wp\/v2\/product_brand?post=217180"},{"taxonomy":"product_cat","embeddable":true,"href":"https:\/\/depagterinterieurs.nl\/de\/wp-json\/wp\/v2\/product_cat?post=217180"},{"taxonomy":"product_tag","embeddable":true,"href":"https:\/\/depagterinterieurs.nl\/de\/wp-json\/wp\/v2\/product_tag?post=217180"}],"curies":[{"name":"wp","href":"https:\/\/api.w.org\/{rel}","templated":true}]}}