{"id":105778,"date":"2024-05-14T11:17:06","date_gmt":"2024-05-14T10:17:06","guid":{"rendered":"https:\/\/depagterinterieurs.nl\/nos-marques\/"},"modified":"2025-03-31T13:00:33","modified_gmt":"2025-03-31T12:00:33","slug":"nos-marques","status":"publish","type":"page","link":"https:\/\/depagterinterieurs.nl\/fr\/nos-marques\/","title":{"rendered":"NOS MARQUES"},"content":{"rendered":"<h2>NOS MARQUES<\/h2>\n<p>Bienvenue sur notre page de marques exclusives, o\u00f9 nous pr\u00e9sentons un monde sophistiqu\u00e9 de design de meubles et d\u2019innovations int\u00e9rieures. D\u00e9couvrez une s\u00e9lection exquise de grandes marques qui symbolisent l\u2019\u00e9l\u00e9gance, le savoir-faire et l\u2019esth\u00e9tique intemporelle. <\/p>\n<p>Nous pouvons tout fournir des marques suivantes !<\/p>\n<p>Bienvenue sur notre page de marques exclusives, o\u00f9 nous pr\u00e9sentons un monde sophistiqu\u00e9 de design de meubles et d\u2019innovations int\u00e9rieures. D\u00e9couvrez une s\u00e9lection exquise de grandes marques qui symbolisent l\u2019\u00e9l\u00e9gance, le savoir-faire et l\u2019esth\u00e9tique intemporelle.&nbsp;<\/p>\n<p>Nous pouvons tout fournir des marques suivantes !<\/p>\n<div class=\"woocommerce columns-4\"><ul class=\"products columns-4\">\n<li class=\"product-category product first\">\n\t<a aria-label=\"Visit product category Chairfactory\" href=\"https:\/\/depagterinterieurs.nl\/fr\/product-categorie\/marques\/chairfactory\/\"><img loading=\"lazy\" decoding=\"async\" src=\"https:\/\/depagterinterieurs.nl\/wp-content\/uploads\/2024\/01\/Logo-Chairfactory-400x400.png\" alt=\"Chairfactory\" width=\"400\" height=\"400\" srcset=\"https:\/\/depagterinterieurs.nl\/wp-content\/uploads\/2024\/01\/Logo-Chairfactory-400x400.png 400w, https:\/\/depagterinterieurs.nl\/wp-content\/uploads\/2024\/01\/Logo-Chairfactory-300x300.png 300w, https:\/\/depagterinterieurs.nl\/wp-content\/uploads\/2024\/01\/Logo-Chairfactory-150x150.png 150w, https:\/\/depagterinterieurs.nl\/wp-content\/uploads\/2024\/01\/Logo-Chairfactory-100x100.png 100w, https:\/\/depagterinterieurs.nl\/wp-content\/uploads\/2024\/01\/Logo-Chairfactory-64x64.png 64w, https:\/\/depagterinterieurs.nl\/wp-content\/uploads\/2024\/01\/Logo-Chairfactory.png 672w\" sizes=\"auto, (max-width: 400px) 100vw, 400px\" \/>\t\t<h2 class=\"woocommerce-loop-category__title\">\n\t\t\tChairfactory <mark class=\"count\">(5)<\/mark>\t\t<\/h2>\n\t\t<\/a><\/li>\n<li class=\"product-category product\">\n\t<a aria-label=\"Visit product category De Pagter Interieurs\" href=\"https:\/\/depagterinterieurs.nl\/fr\/product-categorie\/marques\/de-pagter-interieurs-fr\/\"><img loading=\"lazy\" decoding=\"async\" src=\"https:\/\/depagterinterieurs.nl\/wp-content\/uploads\/2024\/02\/Logo-De-Pagter-Interieurs-400x400.png\" alt=\"De Pagter Interieurs\" width=\"400\" height=\"400\" srcset=\"https:\/\/depagterinterieurs.nl\/wp-content\/uploads\/2024\/02\/Logo-De-Pagter-Interieurs-400x400.png 400w, https:\/\/depagterinterieurs.nl\/wp-content\/uploads\/2024\/02\/Logo-De-Pagter-Interieurs-300x300.png 300w, https:\/\/depagterinterieurs.nl\/wp-content\/uploads\/2024\/02\/Logo-De-Pagter-Interieurs-150x150.png 150w, https:\/\/depagterinterieurs.nl\/wp-content\/uploads\/2024\/02\/Logo-De-Pagter-Interieurs-100x100.png 100w, https:\/\/depagterinterieurs.nl\/wp-content\/uploads\/2024\/02\/Logo-De-Pagter-Interieurs-64x64.png 64w\" sizes=\"auto, (max-width: 400px) 100vw, 400px\" \/>\t\t<h2 class=\"woocommerce-loop-category__title\">\n\t\t\tDe Pagter Interieurs <mark class=\"count\">(901)<\/mark>\t\t<\/h2>\n\t\t<\/a><\/li>\n<li class=\"product-category product\">\n\t<a aria-label=\"Visit product category DS meubel\" href=\"https:\/\/depagterinterieurs.nl\/fr\/product-categorie\/marques\/ds-meubel\/\"><img loading=\"lazy\" decoding=\"async\" src=\"https:\/\/depagterinterieurs.nl\/wp-content\/uploads\/2025\/05\/Logo-Chill-Line-400x400.png\" alt=\"DS meubel\" width=\"400\" height=\"400\" srcset=\"https:\/\/depagterinterieurs.nl\/wp-content\/uploads\/2025\/05\/Logo-Chill-Line-400x399.png 400w, https:\/\/depagterinterieurs.nl\/wp-content\/uploads\/2025\/05\/Logo-Chill-Line-300x300.png 300w, https:\/\/depagterinterieurs.nl\/wp-content\/uploads\/2025\/05\/Logo-Chill-Line-150x150.png 150w, https:\/\/depagterinterieurs.nl\/wp-content\/uploads\/2025\/05\/Logo-Chill-Line-100x100.png 100w, https:\/\/depagterinterieurs.nl\/wp-content\/uploads\/2025\/05\/Logo-Chill-Line-64x64.png 64w, https:\/\/depagterinterieurs.nl\/wp-content\/uploads\/2025\/05\/Logo-Chill-Line.png 671w\" sizes=\"auto, (max-width: 400px) 100vw, 400px\" \/>\t\t<h2 class=\"woocommerce-loop-category__title\">\n\t\t\tDS meubel <mark class=\"count\">(13)<\/mark>\t\t<\/h2>\n\t\t<\/a><\/li>\n<li class=\"product-category product last\">\n\t<a aria-label=\"Visit product category Eichholtz\" href=\"https:\/\/depagterinterieurs.nl\/fr\/product-categorie\/marques\/eichholtz\/\"><img loading=\"lazy\" decoding=\"async\" src=\"https:\/\/depagterinterieurs.nl\/wp-content\/uploads\/2024\/02\/Logo-Eichholtz-400x400.png\" alt=\"Eichholtz\" width=\"400\" height=\"400\" srcset=\"https:\/\/depagterinterieurs.nl\/wp-content\/uploads\/2024\/02\/Logo-Eichholtz-400x400.png 400w, https:\/\/depagterinterieurs.nl\/wp-content\/uploads\/2024\/02\/Logo-Eichholtz-300x300.png 300w, https:\/\/depagterinterieurs.nl\/wp-content\/uploads\/2024\/02\/Logo-Eichholtz-150x150.png 150w, https:\/\/depagterinterieurs.nl\/wp-content\/uploads\/2024\/02\/Logo-Eichholtz-100x100.png 100w, https:\/\/depagterinterieurs.nl\/wp-content\/uploads\/2024\/02\/Logo-Eichholtz-64x64.png 64w\" sizes=\"auto, (max-width: 400px) 100vw, 400px\" \/>\t\t<h2 class=\"woocommerce-loop-category__title\">\n\t\t\tEichholtz <mark class=\"count\">(29)<\/mark>\t\t<\/h2>\n\t\t<\/a><\/li>\n<li class=\"product-category product first\">\n\t<a aria-label=\"Visit product category Eppic\" href=\"https:\/\/depagterinterieurs.nl\/fr\/product-categorie\/marques\/eppic-fr\/\"><img loading=\"lazy\" decoding=\"async\" src=\"https:\/\/depagterinterieurs.nl\/wp-content\/uploads\/2025\/03\/Logo-Silverline-400x400.png\" alt=\"Eppic\" width=\"400\" height=\"400\" srcset=\"https:\/\/depagterinterieurs.nl\/wp-content\/uploads\/2025\/03\/Logo-Silverline-400x399.png 400w, https:\/\/depagterinterieurs.nl\/wp-content\/uploads\/2025\/03\/Logo-Silverline-300x300.png 300w, https:\/\/depagterinterieurs.nl\/wp-content\/uploads\/2025\/03\/Logo-Silverline-150x150.png 150w, https:\/\/depagterinterieurs.nl\/wp-content\/uploads\/2025\/03\/Logo-Silverline-100x100.png 100w, https:\/\/depagterinterieurs.nl\/wp-content\/uploads\/2025\/03\/Logo-Silverline-64x64.png 64w, https:\/\/depagterinterieurs.nl\/wp-content\/uploads\/2025\/03\/Logo-Silverline.png 666w\" sizes=\"auto, (max-width: 400px) 100vw, 400px\" \/>\t\t<h2 class=\"woocommerce-loop-category__title\">\n\t\t\tEppic <mark class=\"count\">(18)<\/mark>\t\t<\/h2>\n\t\t<\/a><\/li>\n<li class=\"product-category product\">\n\t<a aria-label=\"Visit product category Haveco\" href=\"https:\/\/depagterinterieurs.nl\/fr\/product-categorie\/marques\/haveco\/\"><img loading=\"lazy\" decoding=\"async\" src=\"https:\/\/depagterinterieurs.nl\/wp-content\/uploads\/2024\/02\/Logo-Haveco-400x400.png\" alt=\"Haveco\" width=\"400\" height=\"400\" srcset=\"https:\/\/depagterinterieurs.nl\/wp-content\/uploads\/2024\/02\/Logo-Haveco-400x400.png 400w, https:\/\/depagterinterieurs.nl\/wp-content\/uploads\/2024\/02\/Logo-Haveco-300x300.png 300w, https:\/\/depagterinterieurs.nl\/wp-content\/uploads\/2024\/02\/Logo-Haveco-150x150.png 150w, https:\/\/depagterinterieurs.nl\/wp-content\/uploads\/2024\/02\/Logo-Haveco-100x100.png 100w, https:\/\/depagterinterieurs.nl\/wp-content\/uploads\/2024\/02\/Logo-Haveco-64x64.png 64w, https:\/\/depagterinterieurs.nl\/wp-content\/uploads\/2024\/02\/Logo-Haveco.png 672w\" sizes=\"auto, (max-width: 400px) 100vw, 400px\" \/>\t\t<h2 class=\"woocommerce-loop-category__title\">\n\t\t\tHaveco <mark class=\"count\">(15)<\/mark>\t\t<\/h2>\n\t\t<\/a><\/li>\n<li class=\"product-category product\">\n\t<a aria-label=\"Visit product category Het Anker\" href=\"https:\/\/depagterinterieurs.nl\/fr\/product-categorie\/marques\/het-anker\/\"><img loading=\"lazy\" decoding=\"async\" src=\"https:\/\/depagterinterieurs.nl\/wp-content\/uploads\/2024\/01\/Logo-Het-Anker-400x400.png\" alt=\"Het Anker\" width=\"400\" height=\"400\" srcset=\"https:\/\/depagterinterieurs.nl\/wp-content\/uploads\/2024\/01\/Logo-Het-Anker-400x400.png 400w, https:\/\/depagterinterieurs.nl\/wp-content\/uploads\/2024\/01\/Logo-Het-Anker-300x300.png 300w, https:\/\/depagterinterieurs.nl\/wp-content\/uploads\/2024\/01\/Logo-Het-Anker-150x150.png 150w, https:\/\/depagterinterieurs.nl\/wp-content\/uploads\/2024\/01\/Logo-Het-Anker-100x100.png 100w, https:\/\/depagterinterieurs.nl\/wp-content\/uploads\/2024\/01\/Logo-Het-Anker-64x64.png 64w, https:\/\/depagterinterieurs.nl\/wp-content\/uploads\/2024\/01\/Logo-Het-Anker.png 672w\" sizes=\"auto, (max-width: 400px) 100vw, 400px\" \/>\t\t<h2 class=\"woocommerce-loop-category__title\">\n\t\t\tHet Anker <mark class=\"count\">(15)<\/mark>\t\t<\/h2>\n\t\t<\/a><\/li>\n<li class=\"product-category product last\">\n\t<a aria-label=\"Visit product category Just Design\" href=\"https:\/\/depagterinterieurs.nl\/fr\/product-categorie\/marques\/just-design\/\"><img loading=\"lazy\" decoding=\"async\" src=\"https:\/\/depagterinterieurs.nl\/wp-content\/uploads\/2024\/02\/Logo-Just-Design-400x400.png\" alt=\"Just Design\" width=\"400\" height=\"400\" srcset=\"https:\/\/depagterinterieurs.nl\/wp-content\/uploads\/2024\/02\/Logo-Just-Design-400x401.png 400w, https:\/\/depagterinterieurs.nl\/wp-content\/uploads\/2024\/02\/Logo-Just-Design-300x300.png 300w, https:\/\/depagterinterieurs.nl\/wp-content\/uploads\/2024\/02\/Logo-Just-Design-150x150.png 150w, https:\/\/depagterinterieurs.nl\/wp-content\/uploads\/2024\/02\/Logo-Just-Design-100x100.png 100w, https:\/\/depagterinterieurs.nl\/wp-content\/uploads\/2024\/02\/Logo-Just-Design-64x64.png 64w, https:\/\/depagterinterieurs.nl\/wp-content\/uploads\/2024\/02\/Logo-Just-Design.png 669w\" sizes=\"auto, (max-width: 400px) 100vw, 400px\" \/>\t\t<h2 class=\"woocommerce-loop-category__title\">\n\t\t\tJust Design <mark class=\"count\">(3)<\/mark>\t\t<\/h2>\n\t\t<\/a><\/li>\n<li class=\"product-category product first\">\n\t<a aria-label=\"Visit product category Karpi\" href=\"https:\/\/depagterinterieurs.nl\/fr\/product-categorie\/marques\/karpi\/\"><img loading=\"lazy\" decoding=\"async\" src=\"https:\/\/depagterinterieurs.nl\/wp-content\/uploads\/2024\/03\/Logo-Karpi-400x400.png\" alt=\"Karpi\" width=\"400\" height=\"400\" srcset=\"https:\/\/depagterinterieurs.nl\/wp-content\/uploads\/2024\/03\/Logo-Karpi-400x400.png 400w, https:\/\/depagterinterieurs.nl\/wp-content\/uploads\/2024\/03\/Logo-Karpi-300x300.png 300w, https:\/\/depagterinterieurs.nl\/wp-content\/uploads\/2024\/03\/Logo-Karpi-150x150.png 150w, https:\/\/depagterinterieurs.nl\/wp-content\/uploads\/2024\/03\/Logo-Karpi-100x100.png 100w, https:\/\/depagterinterieurs.nl\/wp-content\/uploads\/2024\/03\/Logo-Karpi-64x64.png 64w, https:\/\/depagterinterieurs.nl\/wp-content\/uploads\/2024\/03\/Logo-Karpi.png 672w\" sizes=\"auto, (max-width: 400px) 100vw, 400px\" \/>\t\t<h2 class=\"woocommerce-loop-category__title\">\n\t\t\tKarpi <mark class=\"count\">(17)<\/mark>\t\t<\/h2>\n\t\t<\/a><\/li>\n<li class=\"product-category product\">\n\t<a aria-label=\"Visit product category OL\u00c0V Home\" href=\"https:\/\/depagterinterieurs.nl\/fr\/product-categorie\/marques\/olav-home\/\"><img loading=\"lazy\" decoding=\"async\" src=\"https:\/\/depagterinterieurs.nl\/wp-content\/uploads\/2024\/02\/Logo-OLAV-Home-400x400.png\" alt=\"OL\u00c0V Home\" width=\"400\" height=\"400\" srcset=\"https:\/\/depagterinterieurs.nl\/wp-content\/uploads\/2024\/02\/Logo-OLAV-Home-400x401.png 400w, https:\/\/depagterinterieurs.nl\/wp-content\/uploads\/2024\/02\/Logo-OLAV-Home-300x300.png 300w, https:\/\/depagterinterieurs.nl\/wp-content\/uploads\/2024\/02\/Logo-OLAV-Home-150x150.png 150w, https:\/\/depagterinterieurs.nl\/wp-content\/uploads\/2024\/02\/Logo-OLAV-Home-100x100.png 100w, https:\/\/depagterinterieurs.nl\/wp-content\/uploads\/2024\/02\/Logo-OLAV-Home-64x64.png 64w, https:\/\/depagterinterieurs.nl\/wp-content\/uploads\/2024\/02\/Logo-OLAV-Home.png 669w\" sizes=\"auto, (max-width: 400px) 100vw, 400px\" \/>\t\t<h2 class=\"woocommerce-loop-category__title\">\n\t\t\tOL\u00c0V Home <mark class=\"count\">(12)<\/mark>\t\t<\/h2>\n\t\t<\/a><\/li>\n<li class=\"product-category product\">\n\t<a aria-label=\"Visit product category Passe Partout\" href=\"https:\/\/depagterinterieurs.nl\/fr\/product-categorie\/marques\/passe-partout-fr\/\"><img loading=\"lazy\" decoding=\"async\" src=\"https:\/\/depagterinterieurs.nl\/wp-content\/uploads\/2024\/02\/Logo-Passe-Parout-400x400.png\" alt=\"Passe Partout\" width=\"400\" height=\"400\" srcset=\"https:\/\/depagterinterieurs.nl\/wp-content\/uploads\/2024\/02\/Logo-Passe-Parout-400x400.png 400w, https:\/\/depagterinterieurs.nl\/wp-content\/uploads\/2024\/02\/Logo-Passe-Parout-300x300.png 300w, https:\/\/depagterinterieurs.nl\/wp-content\/uploads\/2024\/02\/Logo-Passe-Parout-150x150.png 150w, https:\/\/depagterinterieurs.nl\/wp-content\/uploads\/2024\/02\/Logo-Passe-Parout-100x100.png 100w, https:\/\/depagterinterieurs.nl\/wp-content\/uploads\/2024\/02\/Logo-Passe-Parout-64x64.png 64w, https:\/\/depagterinterieurs.nl\/wp-content\/uploads\/2024\/02\/Logo-Passe-Parout.png 672w\" sizes=\"auto, (max-width: 400px) 100vw, 400px\" \/>\t\t<h2 class=\"woocommerce-loop-category__title\">\n\t\t\tPasse Partout <mark class=\"count\">(14)<\/mark>\t\t<\/h2>\n\t\t<\/a><\/li>\n<li class=\"product-category product last\">\n\t<a aria-label=\"Visit product category PMP Furniture\" href=\"https:\/\/depagterinterieurs.nl\/fr\/product-categorie\/marques\/pmp-furniture\/\"><img loading=\"lazy\" decoding=\"async\" src=\"https:\/\/depagterinterieurs.nl\/wp-content\/uploads\/2024\/02\/Logo-Chairfactory-400x400.png\" alt=\"PMP Furniture\" width=\"400\" height=\"400\" srcset=\"https:\/\/depagterinterieurs.nl\/wp-content\/uploads\/2024\/02\/Logo-Chairfactory-400x401.png 400w, https:\/\/depagterinterieurs.nl\/wp-content\/uploads\/2024\/02\/Logo-Chairfactory-300x300.png 300w, https:\/\/depagterinterieurs.nl\/wp-content\/uploads\/2024\/02\/Logo-Chairfactory-150x150.png 150w, https:\/\/depagterinterieurs.nl\/wp-content\/uploads\/2024\/02\/Logo-Chairfactory-100x100.png 100w, https:\/\/depagterinterieurs.nl\/wp-content\/uploads\/2024\/02\/Logo-Chairfactory-64x64.png 64w, https:\/\/depagterinterieurs.nl\/wp-content\/uploads\/2024\/02\/Logo-Chairfactory.png 669w\" sizes=\"auto, (max-width: 400px) 100vw, 400px\" \/>\t\t<h2 class=\"woocommerce-loop-category__title\">\n\t\t\tPMP Furniture <mark class=\"count\">(20)<\/mark>\t\t<\/h2>\n\t\t<\/a><\/li>\n<li class=\"product-category product first\">\n\t<a aria-label=\"Visit product category Silverline\" href=\"https:\/\/depagterinterieurs.nl\/fr\/product-categorie\/marques\/silverline\/\"><img loading=\"lazy\" decoding=\"async\" src=\"https:\/\/depagterinterieurs.nl\/wp-content\/uploads\/2024\/02\/Logo-Silverline-400x400.png\" alt=\"Silverline\" width=\"400\" height=\"400\" srcset=\"https:\/\/depagterinterieurs.nl\/wp-content\/uploads\/2024\/02\/Logo-Silverline-400x401.png 400w, https:\/\/depagterinterieurs.nl\/wp-content\/uploads\/2024\/02\/Logo-Silverline-300x300.png 300w, https:\/\/depagterinterieurs.nl\/wp-content\/uploads\/2024\/02\/Logo-Silverline-150x150.png 150w, https:\/\/depagterinterieurs.nl\/wp-content\/uploads\/2024\/02\/Logo-Silverline-100x100.png 100w, https:\/\/depagterinterieurs.nl\/wp-content\/uploads\/2024\/02\/Logo-Silverline-64x64.png 64w, https:\/\/depagterinterieurs.nl\/wp-content\/uploads\/2024\/02\/Logo-Silverline.png 667w\" sizes=\"auto, (max-width: 400px) 100vw, 400px\" \/>\t\t<h2 class=\"woocommerce-loop-category__title\">\n\t\t\tSilverline <mark class=\"count\">(11)<\/mark>\t\t<\/h2>\n\t\t<\/a><\/li>\n<\/ul>\n<\/div>\n","protected":false},"excerpt":{"rendered":"<p>NOS MARQUES Bienvenue sur notre page de marques exclusives, o\u00f9 nous pr\u00e9sentons un monde sophistiqu\u00e9 de design de meubles et d\u2019innovations int\u00e9rieures. D\u00e9couvrez une s\u00e9lection exquise de grandes marques qui symbolisent l\u2019\u00e9l\u00e9gance, le savoir-faire et l\u2019esth\u00e9tique intemporelle. Nous pouvons tout fournir des marques suivantes ! Bienvenue sur notre page de marques exclusives, o\u00f9 nous pr\u00e9sentons [&hellip;]<\/p>\n","protected":false},"author":936,"featured_media":0,"parent":0,"menu_order":0,"comment_status":"closed","ping_status":"closed","template":"","meta":{"footnotes":"","_wp_rev_ctl_limit":""},"class_list":["post-105778","page","type-page","status-publish","hentry"],"yoast_head":"<!-- This site is optimized with the Yoast SEO plugin v27.3 - https:\/\/yoast.com\/product\/yoast-seo-wordpress\/ -->\n<title>NOS MARQUES - De Pagter Interieurs<\/title>\n<meta name=\"description\" content=\"Naviguez dans un monde de style et d\u2019innovation sur notre page de marques. D\u00e9couvrez une s\u00e9lection soigneusement s\u00e9lectionn\u00e9e de marques haut de gamme qui excellent en mati\u00e8re de qualit\u00e9, de design et de savoir-faire. Laissez-vous inspirer et enrichissez votre vie avec les marques embl\u00e9matiques qui \u00e9tablissent la norme. D\u00e9couvrez votre style parfait sur notre page de marque - o\u00f9 l\u2019excellence est \u00e0 la maison.\" \/>\n<meta name=\"robots\" content=\"index, follow, max-snippet:-1, max-image-preview:large, max-video-preview:-1\" \/>\n<link rel=\"canonical\" href=\"https:\/\/depagterinterieurs.nl\/fr\/nos-marques\/\" \/>\n<meta property=\"og:locale\" content=\"fr_FR\" \/>\n<meta property=\"og:type\" content=\"article\" \/>\n<meta property=\"og:title\" content=\"NOS MARQUES - De Pagter Interieurs\" \/>\n<meta property=\"og:description\" content=\"Naviguez dans un monde de style et d\u2019innovation sur notre page de marques. D\u00e9couvrez une s\u00e9lection soigneusement s\u00e9lectionn\u00e9e de marques haut de gamme qui excellent en mati\u00e8re de qualit\u00e9, de design et de savoir-faire. Laissez-vous inspirer et enrichissez votre vie avec les marques embl\u00e9matiques qui \u00e9tablissent la norme. D\u00e9couvrez votre style parfait sur notre page de marque - o\u00f9 l\u2019excellence est \u00e0 la maison.\" \/>\n<meta property=\"og:url\" content=\"https:\/\/depagterinterieurs.nl\/fr\/nos-marques\/\" \/>\n<meta property=\"og:site_name\" content=\"De Pagter Interieurs\" \/>\n<meta property=\"article:publisher\" content=\"https:\/\/www.facebook.com\/depagterinterieurs\/\" \/>\n<meta property=\"article:modified_time\" content=\"2025-03-31T12:00:33+00:00\" \/>\n<meta name=\"twitter:card\" content=\"summary_large_image\" \/>\n<meta name=\"twitter:label1\" content=\"Est. reading time\" \/>\n\t<meta name=\"twitter:data1\" content=\"4 minutes\" \/>\n<script type=\"application\/ld+json\" class=\"yoast-schema-graph\">{\"@context\":\"https:\\\/\\\/schema.org\",\"@graph\":[{\"@type\":\"WebPage\",\"@id\":\"https:\\\/\\\/depagterinterieurs.nl\\\/fr\\\/nos-marques\\\/\",\"url\":\"https:\\\/\\\/depagterinterieurs.nl\\\/fr\\\/nos-marques\\\/\",\"name\":\"NOS MARQUES - De Pagter Interieurs\",\"isPartOf\":{\"@id\":\"https:\\\/\\\/depagterinterieurs.nl\\\/fr\\\/#website\"},\"datePublished\":\"2024-05-14T10:17:06+00:00\",\"dateModified\":\"2025-03-31T12:00:33+00:00\",\"description\":\"Naviguez dans un monde de style et d\u2019innovation sur notre page de marques. D\u00e9couvrez une s\u00e9lection soigneusement s\u00e9lectionn\u00e9e de marques haut de gamme qui excellent en mati\u00e8re de qualit\u00e9, de design et de savoir-faire. Laissez-vous inspirer et enrichissez votre vie avec les marques embl\u00e9matiques qui \u00e9tablissent la norme. D\u00e9couvrez votre style parfait sur notre page de marque - o\u00f9 l\u2019excellence est \u00e0 la maison.\",\"breadcrumb\":{\"@id\":\"https:\\\/\\\/depagterinterieurs.nl\\\/fr\\\/nos-marques\\\/#breadcrumb\"},\"inLanguage\":\"fr-FR\",\"potentialAction\":[{\"@type\":\"ReadAction\",\"target\":[\"https:\\\/\\\/depagterinterieurs.nl\\\/fr\\\/nos-marques\\\/\"]}]},{\"@type\":\"BreadcrumbList\",\"@id\":\"https:\\\/\\\/depagterinterieurs.nl\\\/fr\\\/nos-marques\\\/#breadcrumb\",\"itemListElement\":[{\"@type\":\"ListItem\",\"position\":1,\"name\":\"Home\",\"item\":\"https:\\\/\\\/depagterinterieurs.nl\\\/fr\\\/domicile\\\/\"},{\"@type\":\"ListItem\",\"position\":2,\"name\":\"NOS MARQUES\"}]},{\"@type\":\"WebSite\",\"@id\":\"https:\\\/\\\/depagterinterieurs.nl\\\/fr\\\/#website\",\"url\":\"https:\\\/\\\/depagterinterieurs.nl\\\/fr\\\/\",\"name\":\"De Pagter Interieurs\",\"description\":\"Woonwinkels in Middelburg - Domburg - Veere\",\"potentialAction\":[{\"@type\":\"SearchAction\",\"target\":{\"@type\":\"EntryPoint\",\"urlTemplate\":\"https:\\\/\\\/depagterinterieurs.nl\\\/fr\\\/?s={search_term_string}\"},\"query-input\":{\"@type\":\"PropertyValueSpecification\",\"valueRequired\":true,\"valueName\":\"search_term_string\"}}],\"inLanguage\":\"fr-FR\"}]}<\/script>\n<!-- \/ Yoast SEO plugin. -->","yoast_head_json":{"title":"NOS MARQUES - De Pagter Interieurs","description":"Naviguez dans un monde de style et d\u2019innovation sur notre page de marques. D\u00e9couvrez une s\u00e9lection soigneusement s\u00e9lectionn\u00e9e de marques haut de gamme qui excellent en mati\u00e8re de qualit\u00e9, de design et de savoir-faire. Laissez-vous inspirer et enrichissez votre vie avec les marques embl\u00e9matiques qui \u00e9tablissent la norme. D\u00e9couvrez votre style parfait sur notre page de marque - o\u00f9 l\u2019excellence est \u00e0 la maison.","robots":{"index":"index","follow":"follow","max-snippet":"max-snippet:-1","max-image-preview":"max-image-preview:large","max-video-preview":"max-video-preview:-1"},"canonical":"https:\/\/depagterinterieurs.nl\/fr\/nos-marques\/","og_locale":"fr_FR","og_type":"article","og_title":"NOS MARQUES - De Pagter Interieurs","og_description":"Naviguez dans un monde de style et d\u2019innovation sur notre page de marques. D\u00e9couvrez une s\u00e9lection soigneusement s\u00e9lectionn\u00e9e de marques haut de gamme qui excellent en mati\u00e8re de qualit\u00e9, de design et de savoir-faire. Laissez-vous inspirer et enrichissez votre vie avec les marques embl\u00e9matiques qui \u00e9tablissent la norme. D\u00e9couvrez votre style parfait sur notre page de marque - o\u00f9 l\u2019excellence est \u00e0 la maison.","og_url":"https:\/\/depagterinterieurs.nl\/fr\/nos-marques\/","og_site_name":"De Pagter Interieurs","article_publisher":"https:\/\/www.facebook.com\/depagterinterieurs\/","article_modified_time":"2025-03-31T12:00:33+00:00","twitter_card":"summary_large_image","twitter_misc":{"Est. reading time":"4 minutes"},"schema":{"@context":"https:\/\/schema.org","@graph":[{"@type":"WebPage","@id":"https:\/\/depagterinterieurs.nl\/fr\/nos-marques\/","url":"https:\/\/depagterinterieurs.nl\/fr\/nos-marques\/","name":"NOS MARQUES - De Pagter Interieurs","isPartOf":{"@id":"https:\/\/depagterinterieurs.nl\/fr\/#website"},"datePublished":"2024-05-14T10:17:06+00:00","dateModified":"2025-03-31T12:00:33+00:00","description":"Naviguez dans un monde de style et d\u2019innovation sur notre page de marques. D\u00e9couvrez une s\u00e9lection soigneusement s\u00e9lectionn\u00e9e de marques haut de gamme qui excellent en mati\u00e8re de qualit\u00e9, de design et de savoir-faire. Laissez-vous inspirer et enrichissez votre vie avec les marques embl\u00e9matiques qui \u00e9tablissent la norme. D\u00e9couvrez votre style parfait sur notre page de marque - o\u00f9 l\u2019excellence est \u00e0 la maison.","breadcrumb":{"@id":"https:\/\/depagterinterieurs.nl\/fr\/nos-marques\/#breadcrumb"},"inLanguage":"fr-FR","potentialAction":[{"@type":"ReadAction","target":["https:\/\/depagterinterieurs.nl\/fr\/nos-marques\/"]}]},{"@type":"BreadcrumbList","@id":"https:\/\/depagterinterieurs.nl\/fr\/nos-marques\/#breadcrumb","itemListElement":[{"@type":"ListItem","position":1,"name":"Home","item":"https:\/\/depagterinterieurs.nl\/fr\/domicile\/"},{"@type":"ListItem","position":2,"name":"NOS MARQUES"}]},{"@type":"WebSite","@id":"https:\/\/depagterinterieurs.nl\/fr\/#website","url":"https:\/\/depagterinterieurs.nl\/fr\/","name":"De Pagter Interieurs","description":"Woonwinkels in Middelburg - Domburg - Veere","potentialAction":[{"@type":"SearchAction","target":{"@type":"EntryPoint","urlTemplate":"https:\/\/depagterinterieurs.nl\/fr\/?s={search_term_string}"},"query-input":{"@type":"PropertyValueSpecification","valueRequired":true,"valueName":"search_term_string"}}],"inLanguage":"fr-FR"}]}},"_links":{"self":[{"href":"https:\/\/depagterinterieurs.nl\/fr\/wp-json\/wp\/v2\/pages\/105778","targetHints":{"allow":["GET"]}}],"collection":[{"href":"https:\/\/depagterinterieurs.nl\/fr\/wp-json\/wp\/v2\/pages"}],"about":[{"href":"https:\/\/depagterinterieurs.nl\/fr\/wp-json\/wp\/v2\/types\/page"}],"author":[{"embeddable":true,"href":"https:\/\/depagterinterieurs.nl\/fr\/wp-json\/wp\/v2\/users\/936"}],"replies":[{"embeddable":true,"href":"https:\/\/depagterinterieurs.nl\/fr\/wp-json\/wp\/v2\/comments?post=105778"}],"version-history":[{"count":5,"href":"https:\/\/depagterinterieurs.nl\/fr\/wp-json\/wp\/v2\/pages\/105778\/revisions"}],"predecessor-version":[{"id":149767,"href":"https:\/\/depagterinterieurs.nl\/fr\/wp-json\/wp\/v2\/pages\/105778\/revisions\/149767"}],"wp:attachment":[{"href":"https:\/\/depagterinterieurs.nl\/fr\/wp-json\/wp\/v2\/media?parent=105778"}],"curies":[{"name":"wp","href":"https:\/\/api.w.org\/{rel}","templated":true}]}}